{"id":295,"date":"2023-04-30T12:21:05","date_gmt":"2023-04-30T10:21:05","guid":{"rendered":"https:\/\/portlandmachinery.com\/?page_id=295"},"modified":"2023-04-30T18:24:20","modified_gmt":"2023-04-30T16:24:20","slug":"gy-i-k","status":"publish","type":"page","link":"http:\/\/portlandmachinery.com\/ro\/gy-i-k\/","title":{"rendered":"\u00centreb\u0103ri frecvente"},"content":{"rendered":"<div data-elementor-type=\"wp-page\" data-elementor-id=\"295\" class=\"elementor elementor-295\" data-elementor-post-type=\"page\">\n\t\t\t\t<div class=\"elementor-element elementor-element-acf8a4b e-flex e-con-boxed e-con e-parent\" data-id=\"acf8a4b\" data-element_type=\"container\" data-e-type=\"container\">\n\t\t\t\t\t<div class=\"e-con-inner\">\n\t\t\t\t<div class=\"elementor-element elementor-element-cbb60fd e-n-tabs-mobile elementor-widget elementor-widget-n-tabs\" data-id=\"cbb60fd\" data-element_type=\"widget\" data-e-type=\"widget\" data-settings=\"{&quot;horizontal_scroll&quot;:&quot;disable&quot;}\" data-widget_type=\"nested-tabs.default\">\n\t\t\t\t<div class=\"elementor-widget-container\">\n\t\t\t\t\t\t\t<div class=\"e-n-tabs\" data-widget-number=\"213606653\" aria-label=\"File. Deschizi elementele cu tasta Enter sau Spa\u021biu, le \u00eenchizi cu Esc \u0219i navighezi folosind tastele s\u0103ge\u021bi.\" data-no-translation-aria-label=\"\">\n\t\t\t<div class=\"e-n-tabs-heading\" role=\"tablist\">\n\t\t\t\t\t<button id=\"e-n-tab-title-2136066531\" data-tab-title-id=\"e-n-tab-title-2136066531\" class=\"e-n-tab-title\" aria-selected=\"true\" data-tab-index=\"1\" role=\"tab\" tabindex=\"0\" aria-controls=\"e-n-tab-content-2136066531\" style=\"--n-tabs-title-order: 1;\">\n\t\t\t\t\t\t<span class=\"e-n-tab-title-text\">\n\t\t\t\tDespre cump\u0103rare\t\t\t<\/span>\n\t\t<\/button>\n\t\t\t\t<button id=\"e-n-tab-title-2136066532\" data-tab-title-id=\"e-n-tab-title-2136066532\" class=\"e-n-tab-title\" aria-selected=\"false\" data-tab-index=\"2\" role=\"tab\" tabindex=\"-1\" aria-controls=\"e-n-tab-content-2136066532\" style=\"--n-tabs-title-order: 2;\">\n\t\t\t\t\t\t<span class=\"e-n-tab-title-text\">\n\t\t\t\tDreptul la retur\t\t\t<\/span>\n\t\t<\/button>\n\t\t\t\t<button id=\"e-n-tab-title-2136066533\" data-tab-title-id=\"e-n-tab-title-2136066533\" class=\"e-n-tab-title\" aria-selected=\"false\" data-tab-index=\"3\" role=\"tab\" tabindex=\"-1\" aria-controls=\"e-n-tab-content-2136066533\" style=\"--n-tabs-title-order: 3;\">\n\t\t\t\t\t\t<span class=\"e-n-tab-title-text\">\n\t\t\t\tCine suntem?\t\t\t<\/span>\n\t\t<\/button>\n\t\t\t\t\t<\/div>\n\t\t\t<div class=\"e-n-tabs-content\">\n\t\t\t\t<div id=\"e-n-tab-content-2136066531\" role=\"tabpanel\" aria-labelledby=\"e-n-tab-title-2136066531\" data-tab-index=\"1\" style=\"--n-tabs-title-order: 1;\" class=\"e-active elementor-element elementor-element-4ada1e5 e-con-full e-flex e-con e-parent\" data-id=\"4ada1e5\" data-element_type=\"container\" data-e-type=\"container\">\n\t\t<div class=\"elementor-element elementor-element-3ae8b8a e-con-full e-flex e-con e-child\" data-id=\"3ae8b8a\" data-element_type=\"container\" data-e-type=\"container\">\n\t\t\t\t<div class=\"elementor-element elementor-element-ff57682 elementor-align-center elementor-widget elementor-widget-button\" data-id=\"ff57682\" data-element_type=\"widget\" data-e-type=\"widget\" data-widget_type=\"button.default\">\n\t\t\t\t<div class=\"elementor-widget-container\">\n\t\t\t\t\t\t\t\t\t<div class=\"elementor-button-wrapper\">\n\t\t\t\t\t<a class=\"elementor-button elementor-button-link elementor-size-lg\" href=\"#\">\n\t\t\t\t\t\t<span class=\"elementor-button-content-wrapper\">\n\t\t\t\t\t\t\t\t\t<span class=\"elementor-button-text\">Desc\u0103rcare list\u0103 de pre\u021buri<\/span>\n\t\t\t\t\t<\/span>\n\t\t\t\t\t<\/a>\n\t\t\t\t<\/div>\n\t\t\t\t\t\t\t\t<\/div>\n\t\t\t\t<\/div>\n\t\t\t\t<div class=\"elementor-element elementor-element-61cfed0 elementor-hidden-mobile elementor-widget elementor-widget-gallery\" data-id=\"61cfed0\" data-element_type=\"widget\" data-e-type=\"widget\" data-settings=\"{&quot;columns&quot;:1,&quot;columns_tablet&quot;:1,&quot;lazyload&quot;:&quot;yes&quot;,&quot;gallery_layout&quot;:&quot;grid&quot;,&quot;columns_mobile&quot;:1,&quot;gap&quot;:{&quot;unit&quot;:&quot;px&quot;,&quot;size&quot;:10,&quot;sizes&quot;:[]},&quot;gap_tablet&quot;:{&quot;unit&quot;:&quot;px&quot;,&quot;size&quot;:10,&quot;sizes&quot;:[]},&quot;gap_mobile&quot;:{&quot;unit&quot;:&quot;px&quot;,&quot;size&quot;:10,&quot;sizes&quot;:[]},&quot;link_to&quot;:&quot;file&quot;,&quot;aspect_ratio&quot;:&quot;3:2&quot;,&quot;overlay_background&quot;:&quot;yes&quot;,&quot;content_hover_animation&quot;:&quot;fade-in&quot;}\" data-widget_type=\"gallery.default\">\n\t\t\t\t<div class=\"elementor-widget-container\">\n\t\t\t\t\t\t\t<div class=\"elementor-gallery__container\">\n\t\t\t\t\t\t\t<a class=\"e-gallery-item elementor-gallery-item elementor-animated-content\" href=\"https:\/\/portlandmachinery.com\/wp-content\/uploads\/2023\/04\/portland1_nagyf.jpg\" data-elementor-open-lightbox=\"yes\" data-elementor-lightbox-slideshow=\"61cfed0\" data-elementor-lightbox-title=\"portland1_nagyf\" data-elementor-lightbox-description=\"Portland Machinery f\u0171ny\u00edr\u00f3 traktor\" data-e-action-hash=\"#elementor-action%3Aaction%3Dlightbox%26settings%3DeyJpZCI6MjU0LCJ1cmwiOiJodHRwczpcL1wvcG9ydGxhbmRtYWNoaW5lcnkuY29tXC93cC1jb250ZW50XC91cGxvYWRzXC8yMDIzXC8wNFwvcG9ydGxhbmQxX25hZ3lmLmpwZyIsInNsaWRlc2hvdyI6IjYxY2ZlZDAifQ%3D%3D\">\n\t\t\t\t\t<div class=\"e-gallery-image elementor-gallery-item__image\" data-thumbnail=\"https:\/\/portlandmachinery.com\/wp-content\/uploads\/2023\/04\/portland1_nagyf.jpg\" data-width=\"300\" data-height=\"188\" aria-label=\"Portland Machinery f\u0171ny\u00edr\u00f3 traktor\" role=\"img\" ><\/div>\n\t\t\t\t\t\t\t\t\t\t\t<div class=\"elementor-gallery-item__overlay\"><\/div>\n\t\t\t\t\t\t\t\t\t\t\t\t\t\t<\/a>\n\t\t\t\t\t\t\t<a class=\"e-gallery-item elementor-gallery-item elementor-animated-content\" href=\"https:\/\/portlandmachinery.com\/wp-content\/uploads\/2023\/04\/lumber-84678_1280.jpg\" data-elementor-open-lightbox=\"yes\" data-elementor-lightbox-slideshow=\"61cfed0\" data-elementor-lightbox-title=\"lumber-84678_1280\" data-elementor-lightbox-description=\"Portland Machinery  l\u00e1ncf\u0171r\u00e9sz kieg\u00e9sz\u00edt\u0151k - l\u00e1ncvezet\u0151, f\u0171r\u00e9szl\u00e1nc, csillagker\u00e9k, bet\u00e9tgy\u0171r\u0171\" data-e-action-hash=\"#elementor-action%3Aaction%3Dlightbox%26settings%3DeyJpZCI6MjU2LCJ1cmwiOiJodHRwczpcL1wvcG9ydGxhbmRtYWNoaW5lcnkuY29tXC93cC1jb250ZW50XC91cGxvYWRzXC8yMDIzXC8wNFwvbHVtYmVyLTg0Njc4XzEyODAuanBnIiwic2xpZGVzaG93IjoiNjFjZmVkMCJ9\">\n\t\t\t\t\t<div class=\"e-gallery-image elementor-gallery-item__image\" data-thumbnail=\"https:\/\/portlandmachinery.com\/wp-content\/uploads\/2023\/04\/lumber-84678_1280.jpg\" data-width=\"300\" data-height=\"200\" aria-label=\"Portland Machinery l\u00e1ncf\u0171r\u00e9sz kieg\u00e9sz\u00edt\u0151k - l\u00e1ncvezet\u0151, f\u0171r\u00e9szl\u00e1nc, csillagker\u00e9k, bet\u00e9tgy\u0171r\u0171\" role=\"img\" ><\/div>\n\t\t\t\t\t\t\t\t\t\t\t<div class=\"elementor-gallery-item__overlay\"><\/div>\n\t\t\t\t\t\t\t\t\t\t\t\t\t\t<\/a>\n\t\t\t\t\t\t\t<a class=\"e-gallery-item elementor-gallery-item elementor-animated-content\" href=\"https:\/\/portlandmachinery.com\/wp-content\/uploads\/2023\/04\/dew-1507498_1280.jpg\" data-elementor-open-lightbox=\"yes\" data-elementor-lightbox-slideshow=\"61cfed0\" data-elementor-lightbox-title=\"dew-1507498_1280\" data-elementor-lightbox-description=\"Portland Machinery f\u0171kasza damil\" data-e-action-hash=\"#elementor-action%3Aaction%3Dlightbox%26settings%3DeyJpZCI6MjU1LCJ1cmwiOiJodHRwczpcL1wvcG9ydGxhbmRtYWNoaW5lcnkuY29tXC93cC1jb250ZW50XC91cGxvYWRzXC8yMDIzXC8wNFwvZGV3LTE1MDc0OThfMTI4MC5qcGciLCJzbGlkZXNob3ciOiI2MWNmZWQwIn0%3D\">\n\t\t\t\t\t<div class=\"e-gallery-image elementor-gallery-item__image\" data-thumbnail=\"https:\/\/portlandmachinery.com\/wp-content\/uploads\/2023\/04\/dew-1507498_1280.jpg\" data-width=\"300\" data-height=\"200\" aria-label=\"Portland Machinery f\u0171kasza damil\" role=\"img\" ><\/div>\n\t\t\t\t\t\t\t\t\t\t\t<div class=\"elementor-gallery-item__overlay\"><\/div>\n\t\t\t\t\t\t\t\t\t\t\t\t\t\t<\/a>\n\t\t\t\t\t<\/div>\n\t\t\t\t\t<\/div>\n\t\t\t\t<\/div>\n\t\t\t\t<\/div>\n\t\t<div class=\"elementor-element elementor-element-e9300df e-con-full e-flex e-con e-child\" data-id=\"e9300df\" data-element_type=\"container\" data-e-type=\"container\">\n\t\t\t\t<div class=\"elementor-element elementor-element-994564f elementor-widget elementor-widget-text-editor\" data-id=\"994564f\" data-element_type=\"widget\" data-e-type=\"widget\" data-widget_type=\"text-editor.default\">\n\t\t\t\t<div class=\"elementor-widget-container\">\n\t\t\t\t\t\t\t\t\t<p>Stimate Solicitant!<\/p><p>Site-ul nostru este informativ \u0219i nu func\u021bioneaz\u0103 ca un magazin online. Pute\u021bi desc\u0103rca lista de pre\u021buri cu produsele noastre \u0219i a taxelor de livrare<b> d\u00e2nd click aici<\/b>\u00a0-  aceasta con\u021bine pre\u021burile de consum (pre\u021b net + TVA).<\/p><p>Trimite\u021bi-ne comanda dumneavoastr\u0103 prin e-mail specific\u00e2nd codul produsului ales din lista de pre\u021buri desc\u0103rcabil\u0103, la adresa\u00a0<a href=\"mailto:info@oregonmachiner.com?subject=megrendel%C3%A9s%2C%20%C3%A9rdekl%C5%91d%C3%A9s\">info@portlandmachinery.com<\/a><\/p><p>\u00cen cazul \u00een care sunte\u021bi interesat de produsele noastre \u00een calitate de rev\u00e2nz\u0103tor, v\u0103 rug\u0103m s\u0103 ne contacta\u021bi prin datele noastre de contact.<\/p><p>Serviciul de curierat partener v\u0103 va livra comanda la adresa dumneavoastr\u0103, cu plata ramburs, \u00een termen de 2 zile. Dac\u0103 stocurile noastre sunt insuficiente pentru onorarea comenzii Dvs., v\u0103 vom informa prin e-mail.<\/p>\t\t\t\t\t\t\t\t<\/div>\n\t\t\t\t<\/div>\n\t\t\t\t<\/div>\n\t\t\t\t<\/div>\n\t\t<div id=\"e-n-tab-content-2136066532\" role=\"tabpanel\" aria-labelledby=\"e-n-tab-title-2136066532\" data-tab-index=\"2\" style=\"--n-tabs-title-order: 2;\" class=\"elementor-element elementor-element-529709a e-con-full e-flex e-con e-parent\" data-id=\"529709a\" data-element_type=\"container\" data-e-type=\"container\">\n\t\t\t\t<div class=\"elementor-element elementor-element-9f91919 elementor-widget elementor-widget-text-editor\" data-id=\"9f91919\" data-element_type=\"widget\" data-e-type=\"widget\" data-widget_type=\"text-editor.default\">\n\t\t\t\t<div class=\"elementor-widget-container\">\n\t\t\t\t\t\t\t\t\t<p>Conform OUG 34\/2014 \/ Rom\u00e2nia<\/p><p>Drept de retragere \/ Drept de retur<\/p><p>Clientul are dreptul de a se retrage din acest contract f\u0103r\u0103 a prezenta motive \u00een termen de 14 zile. \u00cen mod similar, \u00een cazul \u00een care executarea contractului a \u00eenceput \u00een cazul unui contract de prestare de servicii, Clientul are dreptul de a rezilia contractul f\u0103r\u0103 a prezenta motive \u00een termen de 14 zile.<\/p><p>Perioada de retragere\/reziliere expir\u0103 la 14 zile dup\u0103 ziua \u00een care Clientul sau o ter\u021b\u0103 parte indicat\u0103 de Client, alta dec\u00e2t transportatorul, prime\u0219te produsul.<\/p><p>\u00cen cazul \u00een care Clientul dore\u0219te s\u0103 \u00ee\u0219i exercite dreptul de retragere\/\u00eencetare, acesta trebuie s\u0103 trimit\u0103 o declara\u021bie clar\u0103 care s\u0103 con\u021bin\u0103 inten\u021bia sa de a se retrage\/\u00eenceta (de exemplu, prin po\u0219t\u0103 sau prin po\u0219t\u0103 electronic\u0103) la urm\u0103toarea adres\u0103: Portland Machinery Trading Europe Kft. 1184, Budapesta, \u00dcll\u0151i u. 312, info@portlandmachinery.com.<\/p><p>Clientul \u00ee\u0219i exercit\u0103 dreptul de retragere\/reziliere \u00een termen dac\u0103 \u00ee\u0219i trimite declara\u021bia de retragere\/reziliere \u00eenainte de expirarea termenului men\u021bionat mai sus.<\/p><p>Efectele juridice ale retragerii\/\u00eencet\u0103rii<\/p><p>Dac\u0103 Clientul se retrage din acest contract, vom rambursa imediat, dar nu mai t\u00e2rziu de 14 zile de la data primirii declara\u021biei de anulare a Clientului, toate compensa\u021biile furnizate de Client, inclusiv costul transportului (cu excep\u021bia acelor costuri suplimentare care a ap\u0103rut deoarece Clientul este cel pe care l-am oferit, a ales o alt\u0103 metod\u0103 de transport dec\u00e2t cea mai ieftin\u0103 metod\u0103 de transport obi\u0219nuit\u0103.) \u00cen timpul ramburs\u0103rii, folosim aceea\u0219i metod\u0103 de plat\u0103 ca \u0219i metoda de plat\u0103 utilizat\u0103 \u00een timpul tranzac\u021biei ini\u021biale, cu excep\u021bia cazului \u00een care Clientul \u00ee\u0219i d\u0103 acordul expres cu utilizarea unei alte metode de plat\u0103; datorit\u0103 aplic\u0103rii acestei metode de rambursare, Clientului nu i se va percepe niciun cost suplimentar. Putem re\u021bine rambursarea p\u00e2n\u0103 c\u00e2nd primim produsul \u00eenapoi.<\/p><p>Furnizorul de servicii este obligat s\u0103 recupereze produsul numai dac\u0103 Clientul \u00eel returneaz\u0103 \u00een ambalajul original, nedeteriorat. \u00cen cazul \u00een care cump\u0103r\u0103torul a folosit deja produsul \u0219i nu \u00eel poate returna v\u00e2nz\u0103torului \u00een ambalaj complet \u0219i nedeteriorat, v\u00e2nz\u0103torul poate refuza s\u0103-l accepte sau poate percepe cump\u0103r\u0103torului pierderea de valoare rezultat\u0103 din utilizare.<\/p><p>Clientul este obligat s\u0103 ne returneze sau s\u0103 ne predea produsul f\u0103r\u0103 \u00eent\u00e2rzieri nejustificate, dar nu mai t\u00e2rziu de 14 zile de la data comunic\u0103rii declara\u021biei sale de retragere. Termenul limit\u0103 se consider\u0103 \u00eendeplinit dac\u0103 trimite\u021bi produsul \u00eenainte de termenul limit\u0103 de 14 zile. Clientul poate fi tras la r\u0103spundere pentru sc\u0103derea valorii produsului numai dac\u0103 aceasta s-a produs din cauza utiliz\u0103rii care dep\u0103\u0219e\u0219te utilizarea necesar\u0103 pentru a determina natura, propriet\u0103\u021bile \u0219i func\u021bionarea produsului.<\/p><p>Garan\u021bia<\/p><p>Garan\u021bia asociat\u0103 produselor v\u00e2ndute este reglementat\u0103 de Legea nr. 449\/2003 (Rom\u00e2nia).<\/p><p>\u00cen care cazuri \u00ee\u0219i poate exercita Clientul dreptul de garan\u021bie pentru produse \u0219i accesorii?<\/p><p>\u00cen cazul execut\u0103rii defectuoase a comenzii, clientul poate face o cerere de garan\u021bie \u00eempotriva Furnizorului de servicii \u00een conformitate cu prevederile Codului Civil.<\/p><p>Care sunt drepturile Dvs. la revendicarea garan\u021biei?<\/p><p>Clientul poate opta pentru urm\u0103toarele preten\u021bii de garan\u021bie:<\/p><p>Pute\u021bi solicita o repara\u021bie sau o \u00eenlocuire, cu excep\u021bia cazului \u00een care \u00eendeplinirea cererii alese de Client este imposibil\u0103 sau ar implica costuri suplimentare dispropor\u021bionate pentru companie fa\u021b\u0103 de \u00eendeplinirea unei alte solicit\u0103ri. Dac\u0103 nu a\u021bi solicitat sau nu a\u021bi putut solicita repara\u021bia sau \u00eenlocuirea, pute\u021bi solicita livrarea propor\u021bional\u0103 a desp\u0103gubirii, sau Clientul poate repara defectul pe cheltuiala companiei, sau \u00eel poate cere repararea de c\u0103tre altcineva, sau - \u00een ultimul caz - retragerea din contract.<\/p><p>Clientul i\u0219i poate schimba op\u021biunea de garan\u021bie, dar costul transferului va fi suportat de c\u0103tre Client, cu excep\u021bia cazului \u00een care a fost justificat sau compania a furnizat un motiv pentru aceasta.<\/p><p>Milyen hat\u00e1rid\u0151ben \u00e9rv\u00e9nyes\u00edtheti a Megrendel\u0151 kell\u00e9kszavatoss\u00e1gi ig\u00e9ny\u00e9t?<\/p><p>Megrendel\u0151 k\u00f6teles a hib\u00e1t annak felfedez\u00e9se ut\u00e1n halad\u00e9ktalanul, de nem k\u00e9s\u0151bb, mint a hiba felfedez\u00e9s\u00e9t\u0151l sz\u00e1m\u00edtott kett\u0151 h\u00f3napon bel\u00fcl k\u00f6z\u00f6lni. Ugyanakkor felh\u00edvjuk a figyelm\u00e9t, hogy a szerz\u0151d\u00e9s teljes\u00edt\u00e9s\u00e9t\u0151l sz\u00e1m\u00edtott k\u00e9t \u00e9ves el\u00e9v\u00fcl\u00e9si hat\u00e1rid\u0151n t\u00fal kell\u00e9kszavatoss\u00e1gi jogait m\u00e1r nem \u00e9rv\u00e9nyes\u00edtheti. Haszn\u00e1lt dolog eset\u00e9n ez a hat\u00e1rid\u0151 3 nap, de legfeljebb egy \u00e9v.<\/p><p>Kivel szemben \u00e9rv\u00e9nyes\u00edtheti Megrendel\u0151 kell\u00e9kszavatoss\u00e1gi ig\u00e9ny\u00e9t?<\/p><p>Megrendel\u0151 a v\u00e1llalkoz\u00e1ssal szemben \u00e9rv\u00e9nyes\u00edtheti kell\u00e9kszavatoss\u00e1gi ig\u00e9ny\u00e9t.<\/p><p>Milyen egy\u00e9b felt\u00e9tele van kell\u00e9kszavatoss\u00e1gi jogai \u00e9rv\u00e9nyes\u00edt\u00e9s\u00e9nek?<\/p><p>A teljes\u00edt\u00e9st\u0151l sz\u00e1m\u00edtott hat h\u00f3napon bel\u00fcl a kell\u00e9kszavatoss\u00e1gi ig\u00e9nye \u00e9rv\u00e9nyes\u00edt\u00e9s\u00e9nek a hiba k\u00f6zl\u00e9s\u00e9n t\u00fal nincs egy\u00e9b felt\u00e9tele, ha Megrendel\u0151 igazolja, hogy a term\u00e9ket, illetve a szolg\u00e1ltat\u00e1st a Szolg\u00e1ltat\u00f3 ny\u00fajtotta. A teljes\u00edt\u00e9st\u0151l sz\u00e1m\u00edtott hat h\u00f3nap eltelte ut\u00e1n azonban m\u00e1r Megrendel\u0151 k\u00f6teles bizony\u00edtani, hogy az Megrendel\u0151 \u00e1ltal felismert hiba m\u00e1r a teljes\u00edt\u00e9s id\u0151pontj\u00e1ban is megvolt.<\/p><p>Milyen esetben \u00e9lhet Megrendel\u0151 a term\u00e9kszavatoss\u00e1gi jog\u00e1val?<\/p><p>Ing\u00f3 dolog (term\u00e9k) hib\u00e1ja eset\u00e9n \u00d6n \u2013 v\u00e1laszt\u00e1sa szerint \u2013 az 1. pontban meghat\u00e1rozott jog\u00e1t vagy term\u00e9kszavatoss\u00e1gi ig\u00e9nyt \u00e9rv\u00e9nyes\u00edthet.<\/p><p>Milyen jogok illetik meg Megrendel\u0151t term\u00e9kszavatoss\u00e1gi ig\u00e9nye alapj\u00e1n?<\/p><p>Term\u00e9kszavatoss\u00e1gi ig\u00e9nyk\u00e9nt Megrendel\u0151 kiz\u00e1r\u00f3lag a hib\u00e1s term\u00e9k kijav\u00edt\u00e1s\u00e1t vagy kicser\u00e9l\u00e9s\u00e9t k\u00e9rheti.<\/p><p>Milyen esetben min\u0151s\u00fcl a term\u00e9k hib\u00e1snak?<\/p><p>A term\u00e9k akkor hib\u00e1s, ha az nem felel meg a forgalomba hozatalakor hat\u00e1lyos min\u0151s\u00e9gi k\u00f6vetelm\u00e9nyeknek vagy pedig, ha nem rendelkezik a gy\u00e1rt\u00f3 \u00e1ltal adott le\u00edr\u00e1sban szerepl\u0151 tulajdons\u00e1gokkal.<\/p><p>Milyen hat\u00e1rid\u0151ben \u00e9rv\u00e9nyes\u00edtheti Megrendel\u0151 term\u00e9kszavatoss\u00e1gi ig\u00e9ny\u00e9t?<\/p><p>Term\u00e9kszavatoss\u00e1gi ig\u00e9ny\u00e9t Megrendel\u0151 a term\u00e9k gy\u00e1rt\u00f3 \u00e1ltali forgalomba hozatal\u00e1t\u00f3l sz\u00e1m\u00edtott k\u00e9t \u00e9ven bel\u00fcl \u00e9rv\u00e9nyes\u00edtheti. E hat\u00e1rid\u0151 eltelt\u00e9vel e jogosults\u00e1g\u00e1t elveszti.<\/p><p>Kivel szemben \u00e9s milyen egy\u00e9b felt\u00e9tellel \u00e9rv\u00e9nyes\u00edtheti term\u00e9kszavatoss\u00e1gi ig\u00e9ny\u00e9t?<\/p><p>Term\u00e9kszavatoss\u00e1gi ig\u00e9ny\u00e9t kiz\u00e1r\u00f3lag az ing\u00f3 dolog\u00a0 forgalmaz\u00f3j\u00e1val szemben gyakorolhatja. A term\u00e9k hib\u00e1j\u00e1t term\u00e9kszavatoss\u00e1gi ig\u00e9ny \u00e9rv\u00e9nyes\u00edt\u00e9se eset\u00e9n Megrendel\u0151nek kell bizony\u00edtania.<\/p><p>A forgalmaz\u00f3 milyen esetben mentes\u00fcl term\u00e9kszavatoss\u00e1gi k\u00f6telezetts\u00e9ge al\u00f3l?<\/p><p>A forgalmaz\u00f3 kiz\u00e1r\u00f3lag akkor mentes\u00fcl term\u00e9kszavatoss\u00e1gi k\u00f6telezetts\u00e9ge al\u00f3l, ha bizony\u00edtani tudja, hogy:<\/p><p>\u2013 a term\u00e9ket nem \u00fczleti tev\u00e9kenys\u00e9ge k\u00f6r\u00e9ben gy\u00e1rtotta, illetve hozta forgalomba, vagy<\/p><p>\u2013 a hiba a tudom\u00e1ny \u00e9s a technika \u00e1ll\u00e1sa szerint a forgalomba hozatal id\u0151pontj\u00e1ban nem volt felismerhet\u0151 vagy<\/p><p>\u2013 a term\u00e9k hib\u00e1ja jogszab\u00e1ly vagy k\u00f6telez\u0151 hat\u00f3s\u00e1gi el\u0151\u00edr\u00e1s alkalmaz\u00e1s\u00e1b\u00f3l ered.<\/p><p>A forgalmaz\u00f3nak a mentes\u00fcl\u00e9shez elegend\u0151 egy okot bizony\u00edtania.<\/p><p>Felh\u00edvom figyelm\u00e9t, hogy ugyanazon hiba miatt kell\u00e9kszavatoss\u00e1gi \u00e9s term\u00e9kszavatoss\u00e1gi ig\u00e9nyt egyszerre, egym\u00e1ssal p\u00e1rhuzamosan nem \u00e9rv\u00e9nyes\u00edthet. Term\u00e9kszavatoss\u00e1gi ig\u00e9ny\u00e9nek eredm\u00e9nyes \u00e9rv\u00e9nyes\u00edt\u00e9se eset\u00e9n azonban a kicser\u00e9lt term\u00e9kre, illetve kijav\u00edtott r\u00e9szre vonatkoz\u00f3 kell\u00e9kszavatoss\u00e1gi ig\u00e9ny\u00e9t a gy\u00e1rt\u00f3val szemben \u00e9rv\u00e9nyes\u00edtheti.<\/p><p>G\u00e9peinkre 12 h\u00f3nap garanci\u00e1t v\u00e1llalunk. Meghib\u00e1sod\u00e1s eset\u00e9n a garancia lev\u00e9lben tal\u00e1lhat\u00f3 szervizek b\u00e1rmelyik\u00e9ben szem\u00e9lyesen vagy telefonon t\u00e1j\u00e9koztatj\u00e1k a teend\u0151kr\u0151l, illetve el\u00e9rhet\u0151s\u00e9geink valamelyik\u00e9n is t\u00e1j\u00e9koztat\u00e1st ny\u00fajtunk. L\u00e1sd m\u00e9g: 151\/2003. Korm. rendelet. A PTK-f\u00e9le j\u00f3t\u00e1ll\u00e1s, kell\u00e9kszavatoss\u00e1g, term\u00e9kszavatoss\u00e1g szab\u00e1lyai.<\/p><p>Mikor mentes\u00fcl a v\u00e1llalkoz\u00e1s a j\u00f3t\u00e1ll\u00e1si k\u00f6telezetts\u00e9ge al\u00f3l?<\/p><p>A j\u00f3t\u00e1ll\u00e1s kiz\u00e1r\u00f3lag a v\u00e1s\u00e1rl\u00e1skor fenn\u00e1ll\u00f3 gy\u00e1ri hib\u00e1kra vonatkozik. A haszn\u00e1lat sor\u00e1n keletkez\u0151, nem gy\u00e1ri eredet\u0171 hib\u00e1k\u00e9rt a Szolg\u00e1ltat\u00f3 nem v\u00e1llal felel\u0151ss\u00e9get, de a szerv\u00edzszolg\u00e1ltat\u00e1st, d\u00edjfizet\u00e9s k\u00f6telezetts\u00e9ge mellett biztos\u00edtja a Megrendel\u0151 sz\u00e1m\u00e1ra.<\/p><p>A v\u00e1llalkoz\u00e1s j\u00f3t\u00e1ll\u00e1si k\u00f6telezetts\u00e9ge al\u00f3l csak abban az esetben mentes\u00fcl, ha bizony\u00edtja, hogy a hiba oka a teljes\u00edt\u00e9s ut\u00e1n keletkezett.<\/p><p>Felh\u00edvom a figyelm\u00e9t, hogy ugyanazon hiba miatt kell\u00e9kszavatoss\u00e1gi \u00e9s j\u00f3t\u00e1ll\u00e1si ig\u00e9nyt, illetve term\u00e9kszavatoss\u00e1gi \u00e9s j\u00f3t\u00e1ll\u00e1si ig\u00e9nyt egyszerre, egym\u00e1ssal p\u00e1rhuzamosan nem \u00e9rv\u00e9nyes\u00edthet, egy\u00e9bk\u00e9nt viszont \u00d6nt a j\u00f3t\u00e1ll\u00e1sb\u00f3l fakad\u00f3 jogok az 1. \u00e9s a 2. pontban meghat\u00e1rozott jogosults\u00e1gokt\u00f3l f\u00fcggetlen\u00fcl megilletik.<\/p><p>A Megrendel\u0151t megillet\u0151 el\u00e1ll\u00e1si \u00e9s felmond\u00e1si jog al\u00f3li kiv\u00e9telek<\/p><p>A Megrendel\u0151t nem gyakorolhatja a 45\/2014. (II. 26.) Korm. rendelet 20. \u00a7 szerinti jog\u00e1t<\/p><p>\u2013 olyan term\u00e9k vagy szolg\u00e1ltat\u00e1s tekintet\u00e9ben, amelynek \u00e1ra, illetve d\u00edja a p\u00e9nzpiac v\u00e1llalkoz\u00e1s \u00e1ltal nem befoly\u00e1solhat\u00f3, a 20. \u00a7 (2) bekezd\u00e9s\u00e9ben meghat\u00e1rozott hat\u00e1rid\u0151 alatt is lehets\u00e9ges ingadoz\u00e1s\u00e1t\u00f3l f\u00fcgg;<\/p><p>\u2013 k\u00e9rt szolg\u00e1ltat\u00e1sokon \u00e9s a karbantart\u00e1s vagy a jav\u00edt\u00e1s elv\u00e9gz\u00e9s\u00e9hez felhaszn\u00e1lt cserealkatr\u00e9szeken fel\u00fcl k\u00edn\u00e1lt szolg\u00e1ltat\u00e1sokra vagy term\u00e9kekre kiterjed.<\/p><p>\u00a0El\u0151rendel\u00e9s\/ szolg\u00e1ltat\u00f3 \u00e1ltal beszerzend\u0151, k\u00e9szleten nem tartott \u00e1ru megrendel\u00e9se eset\u00e9n val\u00f3 el\u00e1ll\u00e1s:<\/p><p>Szolg\u00e1ltat\u00f3\u00a0 a term\u00e9kle\u00edr\u00e1sn\u00e1l jelzi, hogy adott term\u00e9k beszerz\u00e9se kiz\u00e1r\u00f3lag megrendel\u00e9sre t\u00f6rt\u00e9nik. Ez esetben a beszerz\u00e9s elind\u00edt\u00e1sa ut\u00e1ni el\u00e1ll\u00e1s Szolg\u00e1ltat\u00f3nak\u00a0 k\u00f6lts\u00e9get \u00e9s rakt\u00e1rk\u00e9szlet n\u00f6veked\u00e9st okoz, ekkor a k\u00f6vetkez\u0151k pontok m\u00e9rvad\u00f3k:<\/p><p>\u00a0\u00a0\u00a0 A Megrendel\u0151t az arra vonatkoz\u00f3 k\u00e9r\u00e9s\u00e9t, hogy Megrendel\u0151 a szolg\u00e1ltat\u00e1s ny\u00fajt\u00e1s\u00e1ra ir\u00e1nyul\u00f3 szerz\u0151d\u00e9s teljes\u00edt\u00e9s\u00e9t m\u00e1r a 20. \u00a7 (2) bekezd\u00e9se szerinti hat\u00e1rid\u0151 lej\u00e1rta el\u0151tt kezdje meg, k\u00f6teles a Szolg\u00e1ltat\u00f3val kifejezetten, tart\u00f3s adathordoz\u00f3n k\u00f6z\u00f6lni<br \/>\u00a0\u00a0\u00a0 A Megrendel\u0151t az arra vonatkoz\u00f3 k\u00e9r\u00e9s\u00e9t, hogy a Szolg\u00e1ltat\u00f3 a szolg\u00e1ltat\u00e1s ny\u00fajt\u00e1s\u00e1ra ir\u00e1nyul\u00f3 szerz\u0151d\u00e9s teljes\u00edt\u00e9s\u00e9t m\u00e1r a 20. \u00a7 (2) bekezd\u00e9se szerinti hat\u00e1rid\u0151 lej\u00e1rta el\u0151tt kezdje meg, k\u00f6teles a v\u00e1llalkoz\u00f3val kifejezetten k\u00f6z\u00f6lni.<\/p><p>Ha a 1.18.1 vagy a 1.18,2 szerinti Megrendel\u0151t a teljes\u00edt\u00e9s megkezd\u00e9s\u00e9t k\u00f6vet\u0151en felmondja a szerz\u0151d\u00e9st, az elsz\u00e1mol\u00e1s sor\u00e1n a fogyaszt\u00f3 \u00e1ltal ar\u00e1nyosan fizetend\u0151 \u00f6sszeget a szerz\u0151d\u00e9sben meg\u00e1llap\u00edtott ellenszolg\u00e1ltat\u00e1s ad\u00f3val n\u00f6velt teljes \u00f6sszege alapj\u00e1n kell kisz\u00e1m\u00edtani. Ha azonban a Megrendel\u0151t bizony\u00edtja, hogy a teljes \u00f6sszeg t\u00falzottan magas, az ar\u00e1nyos \u00f6sszeget a szerz\u0151d\u00e9s megsz\u0171n\u00e9s\u00e9nek id\u0151pontj\u00e1ig teljes\u00edtett szolg\u00e1ltat\u00e1sok piaci \u00e9rt\u00e9ke alapj\u00e1n kell kisz\u00e1m\u00edtani.<\/p><p>45\/2014. (II.26.) Korm. rendelet 1.16, 1.17. 18.\u00a0 pontokra vonatkoz\u00f3 paragrafusa, id\u00e9zet:<\/p><p>9. A fogyaszt\u00f3t megillet\u0151 el\u00e1ll\u00e1si \u00e9s felmond\u00e1si jog<\/p><p>\u00a0\u00a0\u00a0 (1) Az \u00fczlethelyis\u00e9gen k\u00edv\u00fcl k\u00f6t\u00f6tt \u00e9s a t\u00e1voll\u00e9v\u0151k k\u00f6z\u00f6tt k\u00f6t\u00f6tt szerz\u0151d\u00e9s eset\u00e9n a fogyaszt\u00f3t a (2) bekezd\u00e9sben meghat\u00e1rozott hat\u00e1rid\u0151n bel\u00fcl indokol\u00e1s n\u00e9lk\u00fcli el\u00e1ll\u00e1si jog illeti meg. Olyan \u00fczlethelyis\u00e9gen k\u00edv\u00fcl k\u00f6t\u00f6tt \u00e9s t\u00e1voll\u00e9v\u0151k k\u00f6z\u00f6tt k\u00f6t\u00f6tt szerz\u0151d\u00e9s eset\u00e9n, amely szolg\u00e1ltat\u00e1s ny\u00fajt\u00e1s\u00e1ra ir\u00e1nyul, ha a 13. \u00a7 vagy a 19. \u00a7 szerinti nyilatkozat megt\u00e9tel\u00e9t k\u00f6vet\u0151en a teljes\u00edt\u00e9s megkezd\u0151dik, a fogyaszt\u00f3t a (2) bekezd\u00e9sben meghat\u00e1rozott hat\u00e1rid\u0151n bel\u00fcl indokol\u00e1s n\u00e9lk\u00fcli felmond\u00e1si jog illeti meg.<\/p><p>(2) A fogyaszt\u00f3 az (1) bekezd\u00e9s szerinti el\u00e1ll\u00e1si vagy felmond\u00e1si jog\u00e1t<\/p><p>a) term\u00e9k ad\u00e1sv\u00e9tel\u00e9re ir\u00e1nyul\u00f3 szerz\u0151d\u00e9s eset\u00e9n<\/p><p>aa) a term\u00e9knek,<\/p><p>ab) t\u00f6bb term\u00e9k ad\u00e1sv\u00e9telekor, ha az egyes term\u00e9kek szolg\u00e1ltat\u00e1sa elt\u00e9r\u0151 id\u0151pontban t\u00f6rt\u00e9nik, az utolj\u00e1ra szolg\u00e1ltatott term\u00e9knek,<\/p><p>ac) t\u00f6bb t\u00e9telb\u0151l vagy darabb\u00f3l \u00e1ll\u00f3 term\u00e9k eset\u00e9n az utolj\u00e1ra szolg\u00e1ltatott t\u00e9telnek vagy darabnak,<\/p><p>ad) ha a term\u00e9ket meghat\u00e1rozott id\u0151szakon bel\u00fcl rendszeresen kell szolg\u00e1ltatni, az els\u0151 szolg\u00e1ltat\u00e1snak,<\/p><p>a fogyaszt\u00f3 vagy az \u00e1ltala megjel\u00f6lt, a fuvaroz\u00f3t\u00f3l elt\u00e9r\u0151 harmadik szem\u00e9ly \u00e1ltali \u00e1tv\u00e9tel\u00e9nek napj\u00e1t\u00f3l;<\/p><p>b) szolg\u00e1ltat\u00e1s ny\u00fajt\u00e1s\u00e1ra ir\u00e1nyul\u00f3 szerz\u0151d\u00e9s eset\u00e9ben a szerz\u0151d\u00e9s megk\u00f6t\u00e9s\u00e9nek napj\u00e1t\u00f3l<\/p><p>sz\u00e1m\u00edtott tizenn\u00e9gy napon bel\u00fcl gyakorolhatja.<\/p><p>(3) A (2) bekezd\u00e9s a) pontj\u00e1ban foglaltak nem \u00e9rintik a fogyaszt\u00f3 azon jog\u00e1t, hogy az e \u00a7-ban meghat\u00e1rozott el\u00e1ll\u00e1si jog\u00e1t a szerz\u0151d\u00e9s megk\u00f6t\u00e9s\u00e9nek napja \u00e9s a term\u00e9k \u00e1tv\u00e9tel\u00e9nek napja k\u00f6z\u00f6tti id\u0151szakban is gyakorolja.<\/p><p>\u00a0\u00a0\u00a0 (1) Ha a v\u00e1llalkoz\u00e1s a 11. \u00a7 (1) bekezd\u00e9s\u00e9nek i) pontj\u00e1ban meghat\u00e1rozott t\u00e1j\u00e9koztat\u00e1si k\u00f6telezetts\u00e9g\u00e9nek nem tett eleget, a 20. \u00a7 (2) bekezd\u00e9s\u00e9ben meghat\u00e1rozott el\u00e1ll\u00e1si hat\u00e1rid\u0151 tizenk\u00e9t h\u00f3nappal meghosszabbodik.<\/p><p>(2) Ha a v\u00e1llalkoz\u00e1s a 20. \u00a7 (2) bekezd\u00e9s\u00e9ben meghat\u00e1rozott hat\u00e1rid\u0151 lej\u00e1rt\u00e1t k\u00f6vet\u0151 tizenk\u00e9t h\u00f3napon bel\u00fcl megadta a fogyaszt\u00f3nak az (1) bekezd\u00e9sben meghat\u00e1rozott t\u00e1j\u00e9koztat\u00e1st, az el\u00e1ll\u00e1sra vagy a felmond\u00e1sra nyitva \u00e1ll\u00f3 hat\u00e1rid\u0151 az e t\u00e1j\u00e9koztat\u00e1s k\u00f6zl\u00e9s\u00e9t\u0151l sz\u00e1m\u00edtott tizennegyedik napon j\u00e1r le.<\/p><p>\u00a0\u00a0\u00a0 (1) A fogyaszt\u00f3 a 20. \u00a7-ban biztos\u00edtott jog\u00e1t<\/p><p>a) a 2. mell\u00e9kletben tal\u00e1lhat\u00f3 nyilatkozat-minta felhaszn\u00e1l\u00e1s\u00e1val; vagy<\/p><p>b) az erre vonatkoz\u00f3 egy\u00e9rtelm\u0171 nyilatkozat \u00fatj\u00e1n<\/p><p>(2) A v\u00e1llalkoz\u00e1s internetes honlapj\u00e1n is biztos\u00edthatja a fogyaszt\u00f3 sz\u00e1m\u00e1ra a 20. \u00a7-ban meghat\u00e1rozott jog (1) bekezd\u00e9s szerinti gyakorl\u00e1s\u00e1t. Ebben az esetben a v\u00e1llalkoz\u00e1s tart\u00f3s adathordoz\u00f3n halad\u00e9ktalanul visszaigazolja a fogyaszt\u00f3i nyilatkozat meg\u00e9rkez\u00e9s\u00e9t.<\/p><p>(3) A 20. \u00a7-ban meghat\u00e1rozott jogot hat\u00e1rid\u0151ben \u00e9rv\u00e9nyes\u00edtettnek kell tekinteni, ha a fogyaszt\u00f3 nyilatkozat\u00e1t a 20. \u00a7 (2) bekezd\u00e9s\u00e9ben, illetve a 21. \u00a7-ban meghat\u00e1rozott hat\u00e1rid\u0151 lej\u00e1rta el\u0151tt elk\u00fcldi.<\/p><p>(4) A fogyaszt\u00f3t terheli annak bizony\u00edt\u00e1sa, hogy a 20. \u00a7-ban meghat\u00e1rozott jogot e \u00a7-sal \u00f6sszhangban gyakorolta.<\/p><p>\u00a0\u00a0\u00a0 (1) Ha a fogyaszt\u00f3 a 22. \u00a7-nak megfelel\u0151en el\u00e1ll az \u00fczlethelyis\u00e9gen k\u00edv\u00fcl k\u00f6t\u00f6tt vagy a t\u00e1vollev\u0151k k\u00f6z\u00f6tt k\u00f6t\u00f6tt szerz\u0151d\u00e9st\u0151l, a v\u00e1llalkoz\u00e1s halad\u00e9ktalanul, de legk\u00e9s\u0151bb az el\u00e1ll\u00e1sr\u00f3l val\u00f3 tudom\u00e1sszerz\u00e9s\u00e9t\u0151l sz\u00e1m\u00edtott tizenn\u00e9gy napon bel\u00fcl visszat\u00e9r\u00edti a fogyaszt\u00f3 \u00e1ltal ellenszolg\u00e1ltat\u00e1sk\u00e9nt megfizetett teljes \u00f6sszeget, ide\u00e9rtve a teljes\u00edt\u00e9ssel \u00f6sszef\u00fcgg\u00e9sben felmer\u00fclt k\u00f6lts\u00e9geket is.<\/p><p>(2) A 22. \u00a7-nak megfelel\u0151 el\u00e1ll\u00e1s vagy felmond\u00e1s eset\u00e9n a v\u00e1llalkoz\u00e1s a fogyaszt\u00f3nak visszaj\u00e1r\u00f3 \u00f6sszeget a fogyaszt\u00f3 \u00e1ltal ig\u00e9nybe vett fizet\u00e9si m\u00f3ddal megegyez\u0151 m\u00f3don t\u00e9r\u00edti vissza. A fogyaszt\u00f3 kifejezett beleegyez\u00e9se alapj\u00e1n a v\u00e1llalkoz\u00e1s a visszat\u00e9r\u00edt\u00e9sre m\u00e1s fizet\u00e9si m\u00f3dot is alkalmazhat, de a fogyaszt\u00f3t ebb\u0151l ad\u00f3d\u00f3an semmilyen t\u00f6bbletd\u00edj nem terhelheti.<\/p><p>(3) Ha a fogyaszt\u00f3 kifejezetten a legkev\u00e9sb\u00e9 k\u00f6lts\u00e9ges szok\u00e1sos fuvaroz\u00e1si m\u00f3dt\u00f3l elt\u00e9r\u0151 fuvaroz\u00e1si m\u00f3dot v\u00e1laszt, a v\u00e1llalkoz\u00e1s nem k\u00f6teles visszat\u00e9r\u00edteni az ebb\u0151l ered\u0151 t\u00f6bbletk\u00f6lts\u00e9geket.<\/p><p>(4) Term\u00e9k ad\u00e1sv\u00e9tel\u00e9re ir\u00e1nyul\u00f3 szerz\u0151d\u00e9s eset\u00e9n a v\u00e1llalkoz\u00e1s mindaddig visszatarthatja az (1) bekezd\u00e9sben meghat\u00e1rozott \u00f6sszeget, am\u00edg a fogyaszt\u00f3 a term\u00e9ket vissza nem szolg\u00e1ltatta, vagy k\u00e9ts\u00e9get kiz\u00e1r\u00f3an nem igazolta, hogy azt visszak\u00fcldte; a kett\u0151 k\u00f6z\u00fcl a kor\u00e1bbi id\u0151pontot kell figyelembe venni. Nem illeti meg a v\u00e1llalkoz\u00e1st a visszatart\u00e1s joga, ha v\u00e1llalta, hogy a term\u00e9ket maga fuvarozza vissza.<\/p><p>\u00a0\u00a0\u00a0 (1) Ha a fogyaszt\u00f3 a 22. \u00a7-nak megfelel\u0151en el\u00e1ll az \u00fczlethelyis\u00e9gen k\u00edv\u00fcl k\u00f6t\u00f6tt vagy a t\u00e1vollev\u0151k k\u00f6z\u00f6tt k\u00f6t\u00f6tt szerz\u0151d\u00e9st\u0151l, k\u00f6teles a term\u00e9ket halad\u00e9ktalanul, de legk\u00e9s\u0151bb az el\u00e1ll\u00e1s k\u00f6zl\u00e9s\u00e9t\u0151l sz\u00e1m\u00edtott tizenn\u00e9gy napon bel\u00fcl visszak\u00fcldeni, illetve a v\u00e1llalkoz\u00e1snak vagy a v\u00e1llalkoz\u00e1s \u00e1ltal a term\u00e9k \u00e1tv\u00e9tel\u00e9re meghatalmazott szem\u00e9lynek \u00e1tadni, kiv\u00e9ve, ha a v\u00e1llalkoz\u00e1s v\u00e1llalta, hogy a term\u00e9ket maga fuvarozza vissza. A visszak\u00fcld\u00e9s hat\u00e1rid\u0151ben teljes\u00edtettnek min\u0151s\u00fcl, ha a fogyaszt\u00f3 a term\u00e9ket a hat\u00e1rid\u0151 lej\u00e1rta el\u0151tt elk\u00fcldi.<\/p><p>(2) A fogyaszt\u00f3 kiz\u00e1r\u00f3lag a term\u00e9k visszak\u00fcld\u00e9s\u00e9nek k\u00f6zvetlen k\u00f6lts\u00e9g\u00e9t viseli, kiv\u00e9ve, ha a v\u00e1llalkoz\u00e1s v\u00e1llalta e k\u00f6lts\u00e9g visel\u00e9s\u00e9t.<\/p><p>(3) Ha az \u00fczlethelyis\u00e9gen k\u00edv\u00fcl k\u00f6t\u00f6tt szerz\u0151d\u00e9s megk\u00f6t\u00e9s\u00e9vel egyidej\u0171leg a term\u00e9ket kifuvarozt\u00e1k a fogyaszt\u00f3nak, a v\u00e1llalkoz\u00e1s saj\u00e1t k\u00f6lts\u00e9g\u00e9n fuvarozza vissza a term\u00e9ket, ha az jelleg\u00e9n\u00e9l fogva postai k\u00fcldem\u00e9nyk\u00e9nt nem k\u00fcldhet\u0151 vissza.<\/p><p>\u00a0\u00a0\u00a0 A fogyaszt\u00f3 csak a term\u00e9k jelleg\u00e9nek, tulajdons\u00e1gainak \u00e9s m\u0171k\u00f6d\u00e9s\u00e9nek meg\u00e1llap\u00edt\u00e1s\u00e1hoz sz\u00fcks\u00e9ges haszn\u00e1latot meghalad\u00f3 haszn\u00e1latb\u00f3l ered\u0151 \u00e9rt\u00e9kcs\u00f6kken\u00e9s\u00e9rt felel. Nem felel a fogyaszt\u00f3 az \u00e9rt\u00e9kcs\u00f6kken\u00e9s\u00e9rt, ha a v\u00e1llalkoz\u00e1s a 11. \u00a7 (1) bekezd\u00e9s\u00e9nek i) pontj\u00e1ban el\u0151\u00edrt t\u00e1j\u00e9koztat\u00e1si k\u00f6telezetts\u00e9g\u00e9nek nem tett eleget.<br \/>\u00a0\u00a0\u00a0 (1) Ha a 13. \u00a7 vagy a 19. \u00a7 szerinti esetben a fogyaszt\u00f3 a teljes\u00edt\u00e9s megkezd\u00e9s\u00e9t k\u00f6vet\u0151en felmondja az \u00fczlethelyis\u00e9gen k\u00edv\u00fcl vagy t\u00e1voll\u00e9v\u0151k k\u00f6z\u00f6tt k\u00f6t\u00f6tt szerz\u0151d\u00e9st, az elsz\u00e1mol\u00e1s sor\u00e1n a fogyaszt\u00f3 \u00e1ltal ar\u00e1nyosan fizetend\u0151 \u00f6sszeget a szerz\u0151d\u00e9sben meg\u00e1llap\u00edtott ellenszolg\u00e1ltat\u00e1s ad\u00f3val n\u00f6velt teljes \u00f6sszege alapj\u00e1n kell kisz\u00e1m\u00edtani. Ha azonban a fogyaszt\u00f3 bizony\u00edtja, hogy a teljes \u00f6sszeg t\u00falzottan magas, az ar\u00e1nyos \u00f6sszeget a szerz\u0151d\u00e9s megsz\u0171n\u00e9s\u00e9nek id\u0151pontj\u00e1ig teljes\u00edtett szolg\u00e1ltat\u00e1sok piaci \u00e9rt\u00e9ke alapj\u00e1n kell kisz\u00e1m\u00edtani.<\/p><p>(2) E \u00a7 alkalmaz\u00e1s\u00e1ban a piaci \u00e9rt\u00e9k meg\u00e1llap\u00edt\u00e1s\u00e1n\u00e1l az azonos tev\u00e9kenys\u00e9get v\u00e9gz\u0151 v\u00e1llalkoz\u00e1sok azonos szolg\u00e1ltat\u00e1s\u00e1nak a szerz\u0151d\u00e9s megk\u00f6t\u00e9s\u00e9nek id\u0151pontja szerinti ellen\u00e9rt\u00e9k\u00e9t kell figyelembe venni.<\/p><p>\u00a0\u00a0\u00a0 A fogyaszt\u00f3 a 20. \u00a7 szerinti joga gyakorl\u00e1sa eset\u00e9n nem viseli az al\u00e1bbi k\u00f6lts\u00e9geket:<\/p><p>a) a szolg\u00e1ltat\u00e1s ny\u00fajt\u00e1s\u00e1ra ir\u00e1nyul\u00f3 szerz\u0151d\u00e9s teljes\u00edt\u00e9s\u00e9nek teljes vagy r\u00e9szleges k\u00f6lts\u00e9geit, ha<\/p><p>aa) a v\u00e1llalkoz\u00e1s a 11. \u00a7 (1) bekezd\u00e9s\u00e9nek i) vagy k) pontj\u00e1ban el\u0151\u00edrt t\u00e1j\u00e9koztat\u00e1si k\u00f6telezetts\u00e9g\u00e9nek nem tett eleget, vagy<\/p><p>ab) a fogyaszt\u00f3 nem k\u00e9rte a 13. \u00a7 \u00e9s a 19. \u00a7 szerint a szolg\u00e1ltat\u00e1s teljes\u00edt\u00e9s\u00e9nek megkezd\u00e9s\u00e9t a 20. \u00a7 (2) bekezd\u00e9s\u00e9ben meghat\u00e1rozott hat\u00e1rid\u0151 lej\u00e1rta el\u0151tt;<\/p><p>b) a nem t\u00e1rgyi adathordoz\u00f3n ny\u00fajtott digit\u00e1lis adattartalom szolg\u00e1ltat\u00e1s\u00e1nak teljes vagy r\u00e9szleges k\u00f6lts\u00e9geit, ha<\/p><p>ba) a fogyaszt\u00f3 nem adta kifejezett, el\u0151zetes beleegyez\u00e9s\u00e9t ahhoz, hogy a teljes\u00edt\u00e9s a 20. \u00a7 (2) bekezd\u00e9s\u00e9ben meghat\u00e1rozott hat\u00e1rid\u0151 lej\u00e1rta el\u0151tt megkezd\u0151dj\u00f6n,<\/p><p>bb) a fogyaszt\u00f3 a ba) pont szerinti beleegyez\u00e9se megad\u00e1s\u00e1val egyidej\u0171leg nem nyilatkozott annak tudom\u00e1sulv\u00e9tel\u00e9r\u0151l, hogy beleegyez\u00e9s\u00e9vel elveszti a 20. \u00a7 szerinti jog\u00e1t, vagy<\/p><p>bc) a v\u00e1llalkoz\u00e1s elmulasztotta megadni a 12. \u00a7 (2) bekezd\u00e9s\u00e9ben vagy a 18. \u00a7-ban el\u0151\u00edrt visszaigazol\u00e1st.<\/p><p>\u00a0\u00a0\u00a0 A fogyaszt\u00f3t a 20. \u00a7 szerinti joga gyakorl\u00e1s\u00e1val \u00f6sszef\u00fcgg\u00e9sben a 23. \u00a7 (3) bekezd\u00e9s\u00e9ben, valamint 24-26. \u00a7-ban meghat\u00e1rozottakon fel\u00fcl tov\u00e1bbi k\u00f6lts\u00e9g \u00e9s egy\u00e9b k\u00f6telezetts\u00e9g nem terheli.<br \/>\u00a0\u00a0\u00a0 (1) A fogyaszt\u00f3 nem gyakorolhatja a 20. \u00a7 szerinti jog\u00e1t<\/p><p>a) a szolg\u00e1ltat\u00e1s ny\u00fajt\u00e1s\u00e1ra ir\u00e1nyul\u00f3 szerz\u0151d\u00e9s eset\u00e9ben a szolg\u00e1ltat\u00e1s eg\u00e9sz\u00e9nek teljes\u00edt\u00e9s\u00e9t k\u00f6vet\u0151en, ha a v\u00e1llalkoz\u00e1s a teljes\u00edt\u00e9st a fogyaszt\u00f3 kifejezett, el\u0151zetes beleegyez\u00e9s\u00e9vel kezdte meg, \u00e9s a fogyaszt\u00f3 tudom\u00e1sul vette, hogy a szolg\u00e1ltat\u00e1s eg\u00e9sz\u00e9nek teljes\u00edt\u00e9s\u00e9t k\u00f6vet\u0151en felmond\u00e1si jog\u00e1t elvesz\u00edti;<\/p><p>b) olyan term\u00e9k vagy szolg\u00e1ltat\u00e1s tekintet\u00e9ben, amelynek \u00e1ra, illetve d\u00edja a p\u00e9nzpiac v\u00e1llalkoz\u00e1s \u00e1ltal nem befoly\u00e1solhat\u00f3, a 20. \u00a7 (2) bekezd\u00e9s\u00e9ben meghat\u00e1rozott hat\u00e1rid\u0151 alatt is lehets\u00e9ges ingadoz\u00e1s\u00e1t\u00f3l f\u00fcgg;<\/p><p>c) olyan nem el\u0151re gy\u00e1rtott term\u00e9k eset\u00e9ben, amelyet a fogyaszt\u00f3 utas\u00edt\u00e1sa alapj\u00e1n vagy kifejezett k\u00e9r\u00e9s\u00e9re \u00e1ll\u00edtottak el\u0151, vagy olyan term\u00e9k eset\u00e9ben, amelyet egy\u00e9rtelm\u0171en a fogyaszt\u00f3 szem\u00e9ly\u00e9re szabtak;<\/p><p>d) romland\u00f3 vagy min\u0151s\u00e9g\u00e9t r\u00f6vid ideig meg\u0151rz\u0151 term\u00e9k tekintet\u00e9ben;<\/p><p>e) olyan z\u00e1rt csomagol\u00e1s\u00fa term\u00e9k tekintet\u00e9ben, amely eg\u00e9szs\u00e9gv\u00e9delmi vagy higi\u00e9niai okokb\u00f3l az \u00e1tad\u00e1st k\u00f6vet\u0151 felbont\u00e1sa ut\u00e1n nem k\u00fcldhet\u0151 vissza;<\/p><p>f) olyan term\u00e9k tekintet\u00e9ben, amely jelleg\u00e9n\u00e9l fogva az \u00e1tad\u00e1st k\u00f6vet\u0151en elv\u00e1laszthatatlanul vegy\u00fcl m\u00e1s term\u00e9kkel;<\/p><p>g) olyan alkoholtartalm\u00fa ital tekintet\u00e9ben, amelynek t\u00e9nyleges \u00e9rt\u00e9ke a v\u00e1llalkoz\u00e1s \u00e1ltal nem befoly\u00e1solhat\u00f3 m\u00f3don a piaci ingadoz\u00e1sokt\u00f3l f\u00fcgg, \u00e9s amelynek \u00e1r\u00e1r\u00f3l a felek az ad\u00e1sv\u00e9teli szerz\u0151d\u00e9s megk\u00f6t\u00e9sekor \u00e1llapodtak meg, azonban a szerz\u0151d\u00e9s teljes\u00edt\u00e9s\u00e9re csak a megk\u00f6t\u00e9st\u0151l sz\u00e1m\u00edtott harmincadik napot k\u00f6vet\u0151en ker\u00fcl sor;<\/p><p>h) olyan v\u00e1llalkoz\u00e1si szerz\u0151d\u00e9s eset\u00e9ben, amelyn\u00e9l a v\u00e1llalkoz\u00e1s a fogyaszt\u00f3 kifejezett k\u00e9r\u00e9s\u00e9re keresi fel a fogyaszt\u00f3t s\u00fcrg\u0151s jav\u00edt\u00e1si vagy karbantart\u00e1si munk\u00e1latok elv\u00e9gz\u00e9se c\u00e9lj\u00e1b\u00f3l;<\/p><p>i) lez\u00e1rt csomagol\u00e1s\u00fa hang-, illetve k\u00e9pfelv\u00e9tel, valamint sz\u00e1m\u00edt\u00f3g\u00e9pes szoftver p\u00e9ld\u00e1ny\u00e1nak ad\u00e1sv\u00e9tele tekintet\u00e9ben, ha az \u00e1tad\u00e1st k\u00f6vet\u0151en a fogyaszt\u00f3 a csomagol\u00e1st felbontotta;<\/p><p>j) h\u00edrlap, foly\u00f3irat \u00e9s id\u0151szaki lap tekintet\u00e9ben, az el\u0151fizet\u00e9ses szerz\u0151d\u00e9sek kiv\u00e9tel\u00e9vel;<\/p><p>k) nyilv\u00e1nos \u00e1rver\u00e9sen megk\u00f6t\u00f6tt szerz\u0151d\u00e9sek eset\u00e9ben;<\/p><p>l) lak\u00e1sc\u00e9l\u00fa szolg\u00e1ltat\u00e1s kiv\u00e9tel\u00e9vel sz\u00e1ll\u00e1sny\u00fajt\u00e1sra ir\u00e1nyul\u00f3 szerz\u0151d\u00e9s, fuvaroz\u00e1s, szem\u00e9lyg\u00e9pj\u00e1rm\u0171-k\u00f6lcs\u00f6nz\u00e9s, \u00e9tkeztet\u00e9s vagy szabadid\u0151s tev\u00e9kenys\u00e9gekhez kapcsol\u00f3d\u00f3 szolg\u00e1ltat\u00e1sra ir\u00e1nyul\u00f3 szerz\u0151d\u00e9s eset\u00e9ben, ha a szerz\u0151d\u00e9sben meghat\u00e1rozott teljes\u00edt\u00e9si hat\u00e1rnapot vagy hat\u00e1rid\u0151t k\u00f6t\u00f6ttek ki;<\/p><p>m) a nem t\u00e1rgyi adathordoz\u00f3n ny\u00fajtott digit\u00e1lis adattartalom tekintet\u00e9ben, ha a v\u00e1llalkoz\u00e1s a fogyaszt\u00f3 kifejezett, el\u0151zetes beleegyez\u00e9s\u00e9vel kezdte meg a teljes\u00edt\u00e9st, \u00e9s a fogyaszt\u00f3 e beleegyez\u00e9s\u00e9vel egyidej\u0171leg nyilatkozott annak tudom\u00e1sul v\u00e9tel\u00e9r\u0151l, hogy a teljes\u00edt\u00e9s megkezd\u00e9s\u00e9t k\u00f6vet\u0151en elvesz\u00edti a 20. \u00a7 szerinti jog\u00e1t.<\/p><p>(2) Az (1) bekezd\u00e9s h) pontj\u00e1ban meghat\u00e1rozott esetben a 20. \u00a7 szerinti jog a fogyaszt\u00f3 \u00e1ltal kifejezetten k\u00e9rt szolg\u00e1ltat\u00e1sokon \u00e9s a karbantart\u00e1s vagy a jav\u00edt\u00e1s elv\u00e9gz\u00e9s\u00e9hez felhaszn\u00e1lt cserealkatr\u00e9szeken fel\u00fcl k\u00edn\u00e1lt szolg\u00e1ltat\u00e1sokra vagy term\u00e9kekre kiterjed.<\/p><p>\u00a0\u00a0\u00a0 (1) Ha az \u00fczlethelyis\u00e9gen k\u00edv\u00fcl k\u00f6t\u00f6tt szerz\u0151d\u00e9shez vagy a t\u00e1vollev\u0151k k\u00f6z\u00f6tt k\u00f6t\u00f6tt szerz\u0151d\u00e9shez j\u00e1rul\u00e9kos szerz\u0151d\u00e9s is kapcsol\u00f3dik, a fogyaszt\u00f3 20. \u00a7 szerinti jog\u00e1nak gyakorl\u00e1sa a j\u00e1rul\u00e9kos szerz\u0151d\u00e9st is felbontja vagy megsz\u00fcnteti.<\/p><p>(2) A fogyaszt\u00f3 a v\u00e1llalkoz\u00e1snak a j\u00e1rul\u00e9kos szerz\u0151d\u00e9s felbont\u00e1s\u00e1b\u00f3l vagy megsz\u00fcntet\u00e9s\u00e9b\u0151l ered\u0151 k\u00e1r\u00e1t nem k\u00f6teles megt\u00e9r\u00edteni, \u00e9s a szerz\u0151d\u00e9s felbont\u00e1s\u00e1val vagy megsz\u00fcntet\u00e9s\u00e9vel \u00f6sszef\u00fcgg\u00e9sben t\u0151le egy\u00e9b k\u00f6lts\u00e9g \u2013 a 23. \u00a7 (3) bekezd\u00e9s\u00e9ben, valamint a 24-26. \u00a7-ban meghat\u00e1rozott esetek kiv\u00e9tel\u00e9vel \u2013 nem k\u00f6vetelhet\u0151.<\/p><p>(3) A v\u00e1llalkoz\u00e1s k\u00f6teles a j\u00e1rul\u00e9kos szerz\u0151d\u00e9sben r\u00e9szt vev\u0151 harmadik szem\u00e9ly szerz\u0151d\u0151 felet a fogyaszt\u00f3 el\u00e1ll\u00e1s\u00e1r\u00f3l vagy felmond\u00e1s\u00e1r\u00f3l halad\u00e9ktalanul \u00e9rtes\u00edteni.<\/p><p>.<\/p>\t\t\t\t\t\t\t\t<\/div>\n\t\t\t\t<\/div>\n\t\t\t\t<\/div>\n\t\t<div id=\"e-n-tab-content-2136066533\" role=\"tabpanel\" aria-labelledby=\"e-n-tab-title-2136066533\" data-tab-index=\"3\" style=\"--n-tabs-title-order: 3;\" class=\"elementor-element elementor-element-ac70976 e-con-full e-flex e-con e-parent\" data-id=\"ac70976\" data-element_type=\"container\" data-e-type=\"container\">\n\t\t<div class=\"elementor-element elementor-element-61fb317 e-con-full e-flex e-con e-child\" data-id=\"61fb317\" data-element_type=\"container\" data-e-type=\"container\">\n\t\t\t\t<div class=\"elementor-element elementor-element-35917d7 elementor-widget elementor-widget-image\" data-id=\"35917d7\" data-element_type=\"widget\" data-e-type=\"widget\" data-widget_type=\"image.default\">\n\t\t\t\t<div class=\"elementor-widget-container\">\n\t\t\t\t\t\t\t\t\t\t\t\t\t\t\t<img fetchpriority=\"high\" decoding=\"async\" width=\"1024\" height=\"256\" src=\"https:\/\/portlandmachinery.com\/wp-content\/uploads\/2023\/04\/portland-logo-color.png\" class=\"attachment-large size-large wp-image-218\" alt=\"Portland Machinery f\u0171ny\u00edr\u00f3 traktor logo\" \/>\t\t\t\t\t\t\t\t\t\t\t\t\t\t\t<\/div>\n\t\t\t\t<\/div>\n\t\t\t\t<div class=\"elementor-element elementor-element-0348c86 elementor-widget elementor-widget-counter\" data-id=\"0348c86\" data-element_type=\"widget\" data-e-type=\"widget\" data-widget_type=\"counter.default\">\n\t\t\t\t<div class=\"elementor-widget-container\">\n\t\t\t\t\t\t\t<div class=\"elementor-counter\">\n\t\t\t<div class=\"elementor-counter-title\">ani pe pia\u021ba interna\u021bional\u0103<\/div>\t\t\t<div class=\"elementor-counter-number-wrapper\">\n\t\t\t\t<span class=\"elementor-counter-number-prefix\"><\/span>\n\t\t\t\t<span class=\"elementor-counter-number\" data-duration=\"2000\" data-to-value=\"10\" data-from-value=\"0\" data-delimiter=\",\">0<\/span>\n\t\t\t\t<span class=\"elementor-counter-number-suffix\"><\/span>\n\t\t\t<\/div>\n\t\t<\/div>\n\t\t\t\t\t\t<\/div>\n\t\t\t\t<\/div>\n\t\t\t\t<div class=\"elementor-element elementor-element-1799670 elementor-widget elementor-widget-counter\" data-id=\"1799670\" data-element_type=\"widget\" data-e-type=\"widget\" data-widget_type=\"counter.default\">\n\t\t\t\t<div class=\"elementor-widget-container\">\n\t\t\t\t\t\t\t<div class=\"elementor-counter\">\n\t\t\t<div class=\"elementor-counter-title\">grupe de produse<\/div>\t\t\t<div class=\"elementor-counter-number-wrapper\">\n\t\t\t\t<span class=\"elementor-counter-number-prefix\"><\/span>\n\t\t\t\t<span class=\"elementor-counter-number\" data-duration=\"2000\" data-to-value=\"4\" data-from-value=\"0\" data-delimiter=\",\">0<\/span>\n\t\t\t\t<span class=\"elementor-counter-number-suffix\"><\/span>\n\t\t\t<\/div>\n\t\t<\/div>\n\t\t\t\t\t\t<\/div>\n\t\t\t\t<\/div>\n\t\t\t\t<div class=\"elementor-element elementor-element-4377dc5 elementor-widget elementor-widget-text-editor\" data-id=\"4377dc5\" data-element_type=\"widget\" data-e-type=\"widget\" data-widget_type=\"text-editor.default\">\n\t\t\t\t<div class=\"elementor-widget-container\">\n\t\t\t\t\t\t\t\t\t<p>mai mult de<\/p>\t\t\t\t\t\t\t\t<\/div>\n\t\t\t\t<\/div>\n\t\t\t\t<div class=\"elementor-element elementor-element-8cb840f elementor-widget elementor-widget-counter\" data-id=\"8cb840f\" data-element_type=\"widget\" data-e-type=\"widget\" data-widget_type=\"counter.default\">\n\t\t\t\t<div class=\"elementor-widget-container\">\n\t\t\t\t\t\t\t<div class=\"elementor-counter\">\n\t\t\t<div class=\"elementor-counter-title\">de produse<\/div>\t\t\t<div class=\"elementor-counter-number-wrapper\">\n\t\t\t\t<span class=\"elementor-counter-number-prefix\"><\/span>\n\t\t\t\t<span class=\"elementor-counter-number\" data-duration=\"2000\" data-to-value=\"130\" data-from-value=\"0\" data-delimiter=\",\">0<\/span>\n\t\t\t\t<span class=\"elementor-counter-number-suffix\"><\/span>\n\t\t\t<\/div>\n\t\t<\/div>\n\t\t\t\t\t\t<\/div>\n\t\t\t\t<\/div>\n\t\t\t\t<\/div>\n\t\t<div class=\"elementor-element elementor-element-9a2eb56 e-con-full e-flex e-con e-child\" data-id=\"9a2eb56\" data-element_type=\"container\" data-e-type=\"container\">\n\t\t\t\t<div class=\"elementor-element elementor-element-0bed528 elementor-widget elementor-widget-text-editor\" data-id=\"0bed528\" data-element_type=\"widget\" data-e-type=\"widget\" data-widget_type=\"text-editor.default\">\n\t\t\t\t<div class=\"elementor-widget-container\">\n\t\t\t\t\t\t\t\t\t<p>Compania a fost fondat\u0103 de investitori str\u0103ini \u00een 2013.<\/p><p>Scopul fondatorilor este de a importa \u00een Europa produse de \u00eenalt\u0103 calitate \u0219i la pre\u021buri competitive din Statele Unite \u0219i Asia.<\/p><p>Produsele noastre sunt de o calitate calitate care s\u0103 ofere satisfac\u021bie clien\u021bilor no\u0219tri \u0219i sunt \u00een continu\u0103 dezvoltare.<\/p><p>Compania noastr\u0103 \u00ee\u0219i cre\u0219te cota de pia\u021b\u0103 baz\u00e2ndu-se pe produse de marc\u0103 proprie, precum \u0219i reprezent\u00e2nd alte companii produc\u0103toare.<\/p><p>Centrul european este situat \u00een Ungaria, ceea ce asigur\u0103 logistic distribuirea rapid\u0103 a produselor.<\/p><p>Grupele noastre de produse:<\/p><p>- produse si accesorii forestiere<br \/>- fire pentru motocoase \/ trimmere<br \/>- lubrifian\u021bi<br \/>- accesorii pentru ma\u0219ini-unelte<br \/>- tractoare de tuns gazon<\/p>\t\t\t\t\t\t\t\t<\/div>\n\t\t\t\t<\/div>\n\t\t\t\t<\/div>\n\t\t\t\t<\/div>\n\t\t\t\t\t<\/div>\n\t\t<\/div>\n\t\t\t\t\t\t<\/div>\n\t\t\t\t<\/div>\n\t\t\t\t\t<\/div>\n\t\t\t\t<\/div>\n\t\t\t\t<\/div>","protected":false},"excerpt":{"rendered":"<p>A V\u00c1S\u00c1RL\u00c1SR\u00d3L EL\u00c1LL\u00c1S KIK VAGYUNK? A V\u00c1S\u00c1RL\u00c1SR\u00d3L \u00c1RLISTA LET\u00d6LT\u00c9SE Kedves \u00c9rdekl\u0151d\u0151! Weboldalunk infromat\u00edv jelleg\u0171, \u00e9s nem webshop form\u00e1ban m\u0171k\u00f6dik. Term\u00e9keinkr\u0151l \u00e9s a kisz\u00e1ll\u00edt\u00e1si d\u00edjakr\u00f3l let\u00f6lthet\u0151 \u00e1rlist\u00e1t tal\u00e1l ha ide kattint\u00a0amely a fogyaszt\u00f3i \u00e1rakat tartalmazza (nett\u00f3 \u00e1r + \u00c1FA). Rendel\u00e9s\u00e9t a let\u00f6lthet\u0151 \u00e1rlist\u00e1ban megadott cikksz\u00e1mra hivatkozva e-mailben k\u00fcldje el sz\u00e1munkra \u2013\u00a0info@portlandmachinery.com Amennyiben keresked\u0151k\u00e9nt \/ viszontelad\u00f3k\u00e9nt \u00e9rdekl\u0151dik &#8230; <a title=\"\u00centreb\u0103ri frecvente\" class=\"read-more\" href=\"http:\/\/portlandmachinery.com\/ro\/gy-i-k\/\" aria-label=\"Cite\u0219te mai multe despre GY.I.K.\">Olvass tov\u00e1bb<\/a><\/p>","protected":false},"author":1,"featured_media":0,"parent":0,"menu_order":0,"comment_status":"closed","ping_status":"closed","template":"elementor_header_footer","meta":{"_seopress_robots_primary_cat":"","_seopress_titles_title":"","_seopress_titles_desc":"","_seopress_robots_index":"","footnotes":""},"class_list":["post-295","page","type-page","status-publish"],"_links":{"self":[{"href":"http:\/\/portlandmachinery.com\/ro\/wp-json\/wp\/v2\/pages\/295","targetHints":{"allow":["GET"]}}],"collection":[{"href":"http:\/\/portlandmachinery.com\/ro\/wp-json\/wp\/v2\/pages"}],"about":[{"href":"http:\/\/portlandmachinery.com\/ro\/wp-json\/wp\/v2\/types\/page"}],"author":[{"embeddable":true,"href":"http:\/\/portlandmachinery.com\/ro\/wp-json\/wp\/v2\/users\/1"}],"replies":[{"embeddable":true,"href":"http:\/\/portlandmachinery.com\/ro\/wp-json\/wp\/v2\/comments?post=295"}],"version-history":[{"count":1,"href":"http:\/\/portlandmachinery.com\/ro\/wp-json\/wp\/v2\/pages\/295\/revisions"}],"predecessor-version":[{"id":535,"href":"http:\/\/portlandmachinery.com\/ro\/wp-json\/wp\/v2\/pages\/295\/revisions\/535"}],"wp:attachment":[{"href":"http:\/\/portlandmachinery.com\/ro\/wp-json\/wp\/v2\/media?parent=295"}],"curies":[{"name":"wp","href":"https:\/\/api.w.org\/{rel}","templated":true}]}}